{"id":1064,"date":"2023-03-27T19:13:19","date_gmt":"2023-03-27T19:13:19","guid":{"rendered":"https:\/\/hautklarbysarah.de\/?page_id=1064"},"modified":"2023-03-27T19:50:47","modified_gmt":"2023-03-27T19:50:47","slug":"ueber-petra","status":"publish","type":"page","link":"https:\/\/hautklarbysarah.de\/?page_id=1064","title":{"rendered":"\u00dcber Petra"},"content":{"rendered":"\t\t<div data-elementor-type=\"wp-page\" data-elementor-id=\"1064\" class=\"elementor elementor-1064\" data-elementor-post-type=\"page\">\n\t\t\t\t\t\t<section class=\"elementor-section elementor-top-section elementor-element elementor-element-8ef843d elementor-section-boxed elementor-section-height-default elementor-section-height-default\" data-id=\"8ef843d\" data-element_type=\"section\" data-e-type=\"section\">\n\t\t\t\t\t\t<div class=\"elementor-container elementor-column-gap-default\">\n\t\t\t\t\t<div class=\"elementor-column elementor-col-100 elementor-top-column elementor-element elementor-element-02375d5\" data-id=\"02375d5\" data-element_type=\"column\" data-e-type=\"column\">\n\t\t\t<div class=\"elementor-widget-wrap elementor-element-populated\">\n\t\t\t\t\t\t<section class=\"elementor-section elementor-inner-section elementor-element elementor-element-b40b770 elementor-section-boxed elementor-section-height-default elementor-section-height-default\" data-id=\"b40b770\" data-element_type=\"section\" data-e-type=\"section\">\n\t\t\t\t\t\t<div class=\"elementor-container elementor-column-gap-default\">\n\t\t\t\t\t<div class=\"elementor-column elementor-col-50 elementor-inner-column elementor-element elementor-element-044ef5b\" data-id=\"044ef5b\" data-element_type=\"column\" data-e-type=\"column\">\n\t\t\t<div class=\"elementor-widget-wrap\">\n\t\t\t\t\t\t\t<\/div>\n\t\t<\/div>\n\t\t\t\t<div class=\"elementor-column elementor-col-50 elementor-inner-column elementor-element elementor-element-14e7a60\" data-id=\"14e7a60\" data-element_type=\"column\" data-e-type=\"column\">\n\t\t\t<div class=\"elementor-widget-wrap\">\n\t\t\t\t\t\t\t<\/div>\n\t\t<\/div>\n\t\t\t\t\t<\/div>\n\t\t<\/section>\n\t\t\t\t<div class=\"elementor-element elementor-element-908b90b elementor-widget elementor-widget-image\" data-id=\"908b90b\" data-element_type=\"widget\" data-e-type=\"widget\" data-widget_type=\"image.default\">\n\t\t\t\t<div class=\"elementor-widget-container\">\n\t\t\t\t\t\t\t\t\t\t\t\t\t\t\t\t<a href=\"https:\/\/hautklarbysarah.de\/\">\n\t\t\t\t\t\t\t<img decoding=\"async\" width=\"300\" height=\"100\" src=\"https:\/\/hautklarbysarah.de\/wp-content\/uploads\/2022\/11\/Logo-Hautklar-300x100.png\" class=\"attachment-medium size-medium wp-image-424\" alt=\"\" srcset=\"https:\/\/hautklarbysarah.de\/wp-content\/uploads\/2022\/11\/Logo-Hautklar-300x100.png 300w, https:\/\/hautklarbysarah.de\/wp-content\/uploads\/2022\/11\/Logo-Hautklar.png 384w\" sizes=\"(max-width: 300px) 100vw, 300px\" \/>\t\t\t\t\t\t\t\t<\/a>\n\t\t\t\t\t\t\t\t\t\t\t\t\t\t\t<\/div>\n\t\t\t\t<\/div>\n\t\t\t\t<section class=\"elementor-section elementor-inner-section elementor-element elementor-element-cb1dc75 elementor-section-boxed elementor-section-height-default elementor-section-height-default\" data-id=\"cb1dc75\" data-element_type=\"section\" data-e-type=\"section\">\n\t\t\t\t\t\t<div class=\"elementor-container elementor-column-gap-default\">\n\t\t\t\t\t<div class=\"elementor-column elementor-col-50 elementor-inner-column elementor-element elementor-element-8214afe\" data-id=\"8214afe\" data-element_type=\"column\" data-e-type=\"column\">\n\t\t\t<div class=\"elementor-widget-wrap elementor-element-populated\">\n\t\t\t\t\t\t<div class=\"elementor-element elementor-element-34b8145 elementor-position-top elementor-widget elementor-widget-image-box\" data-id=\"34b8145\" data-element_type=\"widget\" data-e-type=\"widget\" data-widget_type=\"image-box.default\">\n\t\t\t\t<div class=\"elementor-widget-container\">\n\t\t\t\t\t<div class=\"elementor-image-box-wrapper\"><figure class=\"elementor-image-box-img\"><img fetchpriority=\"high\" decoding=\"async\" width=\"200\" height=\"300\" src=\"https:\/\/hautklarbysarah.de\/wp-content\/uploads\/2022\/12\/Petra-Haugk-Scholtyssek-200x300.jpg\" class=\"elementor-animation-grow attachment-medium size-medium wp-image-603\" alt=\"\" srcset=\"https:\/\/hautklarbysarah.de\/wp-content\/uploads\/2022\/12\/Petra-Haugk-Scholtyssek-200x300.jpg 200w, https:\/\/hautklarbysarah.de\/wp-content\/uploads\/2022\/12\/Petra-Haugk-Scholtyssek-682x1024.jpg 682w, https:\/\/hautklarbysarah.de\/wp-content\/uploads\/2022\/12\/Petra-Haugk-Scholtyssek-768x1152.jpg 768w, https:\/\/hautklarbysarah.de\/wp-content\/uploads\/2022\/12\/Petra-Haugk-Scholtyssek-1024x1536.jpg 1024w, https:\/\/hautklarbysarah.de\/wp-content\/uploads\/2022\/12\/Petra-Haugk-Scholtyssek-1365x2048.jpg 1365w, https:\/\/hautklarbysarah.de\/wp-content\/uploads\/2022\/12\/Petra-Haugk-Scholtyssek-scaled.jpg 1706w\" sizes=\"(max-width: 200px) 100vw, 200px\" \/><\/figure><div class=\"elementor-image-box-content\"><h3 class=\"elementor-image-box-title\">Petra Haugk-Scholtyssek<\/h3><\/div><\/div>\t\t\t\t<\/div>\n\t\t\t\t<\/div>\n\t\t\t\t\t<\/div>\n\t\t<\/div>\n\t\t\t\t<div class=\"elementor-column elementor-col-50 elementor-inner-column elementor-element elementor-element-7c1481c\" data-id=\"7c1481c\" data-element_type=\"column\" data-e-type=\"column\">\n\t\t\t<div class=\"elementor-widget-wrap elementor-element-populated\">\n\t\t\t\t\t\t<div class=\"elementor-element elementor-element-f81c4b9 elementor-widget elementor-widget-text-editor\" data-id=\"f81c4b9\" data-element_type=\"widget\" data-e-type=\"widget\" data-widget_type=\"text-editor.default\">\n\t\t\t\t<div class=\"elementor-widget-container\">\n\t\t\t\t\t\t\t\t\t<p>Hallo und herzlich Willkommen.<\/p><p>Mein Name ist Petra und ich bin seit einigen Jahren als selbst\u00e4ndige Kosmetikerin t\u00e4tig. Ich habe mich auf kosmetische Fu\u00dfpflege sowie Entspannungs- und Gesundheitsmassagen spezialisiert.<\/p><p><br \/>In unserer Praxis biete ich Ihnen ein breites Angebot an Beauty- und Wellnessbehandlungen. Dabei lege ich gro\u00dfen Wert darauf, dass Sie sich bei mir rundum wohlf\u00fchlen und eine angenehme Auszeit vom stressigen Alltag genie\u00dfen k\u00f6nnen.<br \/>Als erfahrene Kosmetikerin berate ich Sie gerne individuell zu den verschiedenen Behandlungsm\u00f6glichkeiten und passe diese gezielt auf Ihre Bed\u00fcrfnisse an. Denn jeder Mensch ist einzigartig und verdient eine ma\u00dfgeschneiderte Behandlung.<\/p><p><span style=\"font-size: 17.1232px;\">Wenn Sie Fragen haben oder einen Termin vereinbaren m\u00f6chten, stehe ich Ihnen gerne zur Verf\u00fcgung.<\/span><\/p>\t\t\t\t\t\t\t\t<\/div>\n\t\t\t\t<\/div>\n\t\t\t\t\t<\/div>\n\t\t<\/div>\n\t\t\t\t\t<\/div>\n\t\t<\/section>\n\t\t\t\t\t<\/div>\n\t\t<\/div>\n\t\t\t\t\t<\/div>\n\t\t<\/section>\n\t\t\t\t<\/div>\n\t\t","protected":false},"excerpt":{"rendered":"<p>Petra Haugk-Scholtyssek Hallo und herzlich Willkommen. Mein Name ist Petra und ich bin seit einigen Jahren als selbst\u00e4ndige Kosmetikerin t\u00e4tig. Ich habe mich auf kosmetische Fu\u00dfpflege sowie Entspannungs- und Gesundheitsmassagen spezialisiert. In unserer Praxis biete ich Ihnen ein breites Angebot an Beauty- und Wellnessbehandlungen. Dabei lege ich gro\u00dfen Wert darauf, dass Sie sich bei mir [&hellip;]<\/p>\n","protected":false},"author":3,"featured_media":0,"parent":0,"menu_order":0,"comment_status":"closed","ping_status":"closed","template":"elementor_canvas","meta":{"footnotes":""},"class_list":["post-1064","page","type-page","status-publish","hentry"],"yoast_head":"<!-- This site is optimized with the Yoast SEO plugin v27.5 - https:\/\/yoast.com\/product\/yoast-seo-wordpress\/ -->\n<title>\u00dcber Petra - Hautklar by Sarah<\/title>\n<meta name=\"robots\" content=\"index, follow, max-snippet:-1, max-image-preview:large, max-video-preview:-1\" \/>\n<link rel=\"canonical\" href=\"https:\/\/hautklarbysarah.de\/?page_id=1064\" \/>\n<meta property=\"og:locale\" content=\"de_DE\" \/>\n<meta property=\"og:type\" content=\"article\" \/>\n<meta property=\"og:title\" content=\"\u00dcber Petra - Hautklar by Sarah\" \/>\n<meta property=\"og:description\" content=\"Petra Haugk-Scholtyssek Hallo und herzlich Willkommen. Mein Name ist Petra und ich bin seit einigen Jahren als selbst\u00e4ndige Kosmetikerin t\u00e4tig. Ich habe mich auf kosmetische Fu\u00dfpflege sowie Entspannungs- und Gesundheitsmassagen spezialisiert. In unserer Praxis biete ich Ihnen ein breites Angebot an Beauty- und Wellnessbehandlungen. Dabei lege ich gro\u00dfen Wert darauf, dass Sie sich bei mir [&hellip;]\" \/>\n<meta property=\"og:url\" content=\"https:\/\/hautklarbysarah.de\/?page_id=1064\" \/>\n<meta property=\"og:site_name\" content=\"Hautklar by Sarah\" \/>\n<meta property=\"article:modified_time\" content=\"2023-03-27T19:50:47+00:00\" \/>\n<meta property=\"og:image\" content=\"https:\/\/hautklarbysarah.de\/wp-content\/uploads\/2022\/11\/Logo-Hautklar-300x100.png\" \/>\n<meta name=\"twitter:card\" content=\"summary_large_image\" \/>\n<meta name=\"twitter:label1\" content=\"Gesch\u00e4tzte Lesezeit\" \/>\n\t<meta name=\"twitter:data1\" content=\"2\u00a0Minuten\" \/>\n<script type=\"application\/ld+json\" class=\"yoast-schema-graph\">{\"@context\":\"https:\\\/\\\/schema.org\",\"@graph\":[{\"@type\":\"WebPage\",\"@id\":\"https:\\\/\\\/hautklarbysarah.de\\\/?page_id=1064\",\"url\":\"https:\\\/\\\/hautklarbysarah.de\\\/?page_id=1064\",\"name\":\"\u00dcber Petra - Hautklar by Sarah\",\"isPartOf\":{\"@id\":\"https:\\\/\\\/hautklarbysarah.de\\\/#website\"},\"primaryImageOfPage\":{\"@id\":\"https:\\\/\\\/hautklarbysarah.de\\\/?page_id=1064#primaryimage\"},\"image\":{\"@id\":\"https:\\\/\\\/hautklarbysarah.de\\\/?page_id=1064#primaryimage\"},\"thumbnailUrl\":\"https:\\\/\\\/hautklarbysarah.de\\\/wp-content\\\/uploads\\\/2022\\\/11\\\/Logo-Hautklar-300x100.png\",\"datePublished\":\"2023-03-27T19:13:19+00:00\",\"dateModified\":\"2023-03-27T19:50:47+00:00\",\"breadcrumb\":{\"@id\":\"https:\\\/\\\/hautklarbysarah.de\\\/?page_id=1064#breadcrumb\"},\"inLanguage\":\"de\",\"potentialAction\":[{\"@type\":\"ReadAction\",\"target\":[\"https:\\\/\\\/hautklarbysarah.de\\\/?page_id=1064\"]}]},{\"@type\":\"ImageObject\",\"inLanguage\":\"de\",\"@id\":\"https:\\\/\\\/hautklarbysarah.de\\\/?page_id=1064#primaryimage\",\"url\":\"https:\\\/\\\/hautklarbysarah.de\\\/wp-content\\\/uploads\\\/2022\\\/11\\\/Logo-Hautklar.png\",\"contentUrl\":\"https:\\\/\\\/hautklarbysarah.de\\\/wp-content\\\/uploads\\\/2022\\\/11\\\/Logo-Hautklar.png\",\"width\":384,\"height\":128},{\"@type\":\"BreadcrumbList\",\"@id\":\"https:\\\/\\\/hautklarbysarah.de\\\/?page_id=1064#breadcrumb\",\"itemListElement\":[{\"@type\":\"ListItem\",\"position\":1,\"name\":\"Startseite\",\"item\":\"https:\\\/\\\/hautklarbysarah.de\\\/\"},{\"@type\":\"ListItem\",\"position\":2,\"name\":\"\u00dcber Petra\"}]},{\"@type\":\"WebSite\",\"@id\":\"https:\\\/\\\/hautklarbysarah.de\\\/#website\",\"url\":\"https:\\\/\\\/hautklarbysarah.de\\\/\",\"name\":\"Hautklar by Sarah\",\"description\":\"Kosmetik in Dreieich\",\"potentialAction\":[{\"@type\":\"SearchAction\",\"target\":{\"@type\":\"EntryPoint\",\"urlTemplate\":\"https:\\\/\\\/hautklarbysarah.de\\\/?s={search_term_string}\"},\"query-input\":{\"@type\":\"PropertyValueSpecification\",\"valueRequired\":true,\"valueName\":\"search_term_string\"}}],\"inLanguage\":\"de\"}]}<\/script>\n<!-- \/ Yoast SEO plugin. -->","yoast_head_json":{"title":"\u00dcber Petra - Hautklar by Sarah","robots":{"index":"index","follow":"follow","max-snippet":"max-snippet:-1","max-image-preview":"max-image-preview:large","max-video-preview":"max-video-preview:-1"},"canonical":"https:\/\/hautklarbysarah.de\/?page_id=1064","og_locale":"de_DE","og_type":"article","og_title":"\u00dcber Petra - Hautklar by Sarah","og_description":"Petra Haugk-Scholtyssek Hallo und herzlich Willkommen. Mein Name ist Petra und ich bin seit einigen Jahren als selbst\u00e4ndige Kosmetikerin t\u00e4tig. Ich habe mich auf kosmetische Fu\u00dfpflege sowie Entspannungs- und Gesundheitsmassagen spezialisiert. In unserer Praxis biete ich Ihnen ein breites Angebot an Beauty- und Wellnessbehandlungen. Dabei lege ich gro\u00dfen Wert darauf, dass Sie sich bei mir [&hellip;]","og_url":"https:\/\/hautklarbysarah.de\/?page_id=1064","og_site_name":"Hautklar by Sarah","article_modified_time":"2023-03-27T19:50:47+00:00","og_image":[{"url":"https:\/\/hautklarbysarah.de\/wp-content\/uploads\/2022\/11\/Logo-Hautklar-300x100.png","type":"","width":"","height":""}],"twitter_card":"summary_large_image","twitter_misc":{"Gesch\u00e4tzte Lesezeit":"2\u00a0Minuten"},"schema":{"@context":"https:\/\/schema.org","@graph":[{"@type":"WebPage","@id":"https:\/\/hautklarbysarah.de\/?page_id=1064","url":"https:\/\/hautklarbysarah.de\/?page_id=1064","name":"\u00dcber Petra - Hautklar by Sarah","isPartOf":{"@id":"https:\/\/hautklarbysarah.de\/#website"},"primaryImageOfPage":{"@id":"https:\/\/hautklarbysarah.de\/?page_id=1064#primaryimage"},"image":{"@id":"https:\/\/hautklarbysarah.de\/?page_id=1064#primaryimage"},"thumbnailUrl":"https:\/\/hautklarbysarah.de\/wp-content\/uploads\/2022\/11\/Logo-Hautklar-300x100.png","datePublished":"2023-03-27T19:13:19+00:00","dateModified":"2023-03-27T19:50:47+00:00","breadcrumb":{"@id":"https:\/\/hautklarbysarah.de\/?page_id=1064#breadcrumb"},"inLanguage":"de","potentialAction":[{"@type":"ReadAction","target":["https:\/\/hautklarbysarah.de\/?page_id=1064"]}]},{"@type":"ImageObject","inLanguage":"de","@id":"https:\/\/hautklarbysarah.de\/?page_id=1064#primaryimage","url":"https:\/\/hautklarbysarah.de\/wp-content\/uploads\/2022\/11\/Logo-Hautklar.png","contentUrl":"https:\/\/hautklarbysarah.de\/wp-content\/uploads\/2022\/11\/Logo-Hautklar.png","width":384,"height":128},{"@type":"BreadcrumbList","@id":"https:\/\/hautklarbysarah.de\/?page_id=1064#breadcrumb","itemListElement":[{"@type":"ListItem","position":1,"name":"Startseite","item":"https:\/\/hautklarbysarah.de\/"},{"@type":"ListItem","position":2,"name":"\u00dcber Petra"}]},{"@type":"WebSite","@id":"https:\/\/hautklarbysarah.de\/#website","url":"https:\/\/hautklarbysarah.de\/","name":"Hautklar by Sarah","description":"Kosmetik in Dreieich","potentialAction":[{"@type":"SearchAction","target":{"@type":"EntryPoint","urlTemplate":"https:\/\/hautklarbysarah.de\/?s={search_term_string}"},"query-input":{"@type":"PropertyValueSpecification","valueRequired":true,"valueName":"search_term_string"}}],"inLanguage":"de"}]}},"_links":{"self":[{"href":"https:\/\/hautklarbysarah.de\/index.php?rest_route=\/wp\/v2\/pages\/1064","targetHints":{"allow":["GET"]}}],"collection":[{"href":"https:\/\/hautklarbysarah.de\/index.php?rest_route=\/wp\/v2\/pages"}],"about":[{"href":"https:\/\/hautklarbysarah.de\/index.php?rest_route=\/wp\/v2\/types\/page"}],"author":[{"embeddable":true,"href":"https:\/\/hautklarbysarah.de\/index.php?rest_route=\/wp\/v2\/users\/3"}],"replies":[{"embeddable":true,"href":"https:\/\/hautklarbysarah.de\/index.php?rest_route=%2Fwp%2Fv2%2Fcomments&post=1064"}],"version-history":[{"count":25,"href":"https:\/\/hautklarbysarah.de\/index.php?rest_route=\/wp\/v2\/pages\/1064\/revisions"}],"predecessor-version":[{"id":1112,"href":"https:\/\/hautklarbysarah.de\/index.php?rest_route=\/wp\/v2\/pages\/1064\/revisions\/1112"}],"wp:attachment":[{"href":"https:\/\/hautklarbysarah.de\/index.php?rest_route=%2Fwp%2Fv2%2Fmedia&parent=1064"}],"curies":[{"name":"wp","href":"https:\/\/api.w.org\/{rel}","templated":true}]}}